{"id":3143,"date":"2025-11-21T18:30:56","date_gmt":"2025-11-21T17:30:56","guid":{"rendered":"https:\/\/www.tusetstudio.com\/shop\/?post_type=product&#038;p=3143"},"modified":"2025-11-25T18:11:41","modified_gmt":"2025-11-25T17:11:41","slug":"profoto-pro-b3750w","status":"publish","type":"product","link":"https:\/\/www.tusetstudio.com\/shop\/profoto-pro-b3750w\/","title":{"rendered":"PROFOTO PRO-B3 750W"},"content":{"rendered":"<p>Profoto Pro-B3 750W ofrece una potencia de 750W y cuenta con una bater\u00eda integrada de alta capacidad, perfecta para sesiones en exteriores. Su reciclaje r\u00e1pido y rendimiento constante garantizan un flujo de trabajo \u00e1gil, mientras que su precisi\u00f3n en el destello asegura una excelente consistencia de color en cada disparo. Es compatible con toda la gama de modificadores Profoto, lo que permite una gran versatilidad creativa. Su construcci\u00f3n robusta, dise\u00f1ada para uso profesional intensivo, se complementa con sistemas de protecci\u00f3n contra el sobre calentamiento, asegurando un funcionamiento estable y eficiente incluso en jornadas exigentes.<\/p>\n<p>INCLUYE:<\/p>\n<ul>\n<li>Cabeza Profoto Pro-B3 750W<\/li>\n<li data-start=\"1352\" data-end=\"1375\">Bater\u00eda y cargador<\/li>\n<li data-start=\"1378\" data-end=\"1395\">Funda<\/li>\n<\/ul>\n","protected":false},"excerpt":{"rendered":"<p>Profoto Pro-B3 750W ofrece una potencia de 750W y cuenta con una bater\u00eda integrada de alta capacidad, perfecta para sesiones en exteriores. Su reciclaje r\u00e1pido y rendimiento constante garantizan un flujo de trabajo \u00e1gil, mientras que su precisi\u00f3n en el destello asegura una excelente consistencia de color en cada disparo. Es compatible con toda la gama de modificadores Profoto, lo que permite una gran versatilidad creativa. Su construcci\u00f3n robusta, dise\u00f1ada para uso profesional intensivo, se complementa con sistemas de protecci\u00f3n contra el sobre calentamiento, asegurando un funcionamiento estable y eficiente incluso en jornadas exigentes.<\/p>\n<p>INCLUYE:<\/p>\n<ul>\n<li>Cabeza Profoto Pro-B3 750W<\/li>\n<li data-start=\"1352\" data-end=\"1375\">Bater\u00eda y cargador<\/li>\n<li data-start=\"1378\" data-end=\"1395\">Funda<\/li>\n<\/ul>\n","protected":false},"featured_media":3150,"template":"","meta":{"inline_featured_image":false},"product_brand":[34],"product_cat":[270,25],"product_tag":[],"feature_processor":[],"feature_dimensions":[],"feature_paper-size":[],"feature_output":[],"feature_input":[],"feature_volts":[],"feature_acdc-sai":[],"feature_ports":[],"feature_use":[],"feature_size":[],"feature_ram-memory":[],"feature_max-payload":[],"feature_meters":[],"feature_connector":[],"feature_capacity":[],"feature_support":[],"feature_focus":[],"feature_diameter":[],"feature_focal":[],"feature_mount":[],"feature_resolution":[],"feature_sensor-size-film":[],"feature_max-height":[],"feature_load-capacity":[],"feature_material":[],"feature_part":[],"feature_effect":[],"feature_color-temperature":[],"feature_lens":[],"feature_watts":[199],"feature_length":[],"feature_type":[],"class_list":{"0":"post-3143","1":"product","2":"type-product","3":"status-publish","4":"has-post-thumbnail","6":"product_brand-profoto","7":"product_cat-flash-heads-battery-sin-categoria","8":"product_cat-light","9":"feature_watts-199","11":"first","12":"instock","13":"shipping-taxable","14":"product-type-simple"},"yoast_head":"<!-- This site is optimized with the Yoast SEO plugin v26.5 - https:\/\/yoast.com\/wordpress\/plugins\/seo\/ -->\n<title>PROFOTO PRO-B3 750W | Tuset Studio<\/title>\n<meta name=\"description\" content=\"Alquila Profoto Pro-B3 750W en Barcelona. Flash profesional port\u00e1til con bater\u00eda integrada para fotograf\u00eda y publicidad. Tuset Studio\" \/>\n<meta name=\"robots\" content=\"index, follow, max-snippet:-1, max-image-preview:large, max-video-preview:-1\" \/>\n<link rel=\"canonical\" href=\"https:\/\/www.tusetstudio.com\/shop\/profoto-pro-b3750w\/\" \/>\n<meta property=\"og:locale\" content=\"es_ES\" \/>\n<meta property=\"og:type\" content=\"article\" \/>\n<meta property=\"og:title\" content=\"PROFOTO PRO-B3 750W | Tuset Studio\" \/>\n<meta property=\"og:description\" content=\"Alquila Profoto Pro-B3 750W en Barcelona. Flash profesional port\u00e1til con bater\u00eda integrada para fotograf\u00eda y publicidad. Tuset Studio\" \/>\n<meta property=\"og:url\" content=\"https:\/\/www.tusetstudio.com\/shop\/profoto-pro-b3750w\/\" \/>\n<meta property=\"og:site_name\" content=\"Tuset Studio\" \/>\n<meta property=\"article:publisher\" content=\"https:\/\/www.facebook.com\/tusetstudio\/\" \/>\n<meta property=\"article:modified_time\" content=\"2025-11-25T17:11:41+00:00\" \/>\n<meta property=\"og:image\" content=\"https:\/\/www.tusetstudio.com\/shop\/wp-content\/uploads\/2025\/11\/901096-901099_a_profoto-pro-d3-right_productimage.png\" \/>\n\t<meta property=\"og:image:width\" content=\"600\" \/>\n\t<meta property=\"og:image:height\" content=\"600\" \/>\n\t<meta property=\"og:image:type\" content=\"image\/png\" \/>\n<meta name=\"twitter:card\" content=\"summary_large_image\" \/>\n<meta name=\"twitter:label1\" content=\"Tiempo de lectura\" \/>\n\t<meta name=\"twitter:data1\" content=\"1 minuto\" \/>\n<script type=\"application\/ld+json\" class=\"yoast-schema-graph\">{\"@context\":\"https:\/\/schema.org\",\"@graph\":[{\"@type\":\"WebPage\",\"@id\":\"https:\/\/www.tusetstudio.com\/shop\/profoto-pro-b3750w\/\",\"url\":\"https:\/\/www.tusetstudio.com\/shop\/profoto-pro-b3750w\/\",\"name\":\"PROFOTO PRO-B3 750W | Tuset Studio\",\"isPartOf\":{\"@id\":\"https:\/\/www.tusetstudio.com\/shop\/#website\"},\"primaryImageOfPage\":{\"@id\":\"https:\/\/www.tusetstudio.com\/shop\/profoto-pro-b3750w\/#primaryimage\"},\"image\":{\"@id\":\"https:\/\/www.tusetstudio.com\/shop\/profoto-pro-b3750w\/#primaryimage\"},\"thumbnailUrl\":\"https:\/\/www.tusetstudio.com\/shop\/wp-content\/uploads\/2025\/11\/901096-901099_a_profoto-pro-d3-right_productimage.png\",\"datePublished\":\"2025-11-21T17:30:56+00:00\",\"dateModified\":\"2025-11-25T17:11:41+00:00\",\"description\":\"Alquila Profoto Pro-B3 750W en Barcelona. Flash profesional port\u00e1til con bater\u00eda integrada para fotograf\u00eda y publicidad. Tuset Studio\",\"breadcrumb\":{\"@id\":\"https:\/\/www.tusetstudio.com\/shop\/profoto-pro-b3750w\/#breadcrumb\"},\"inLanguage\":\"es\",\"potentialAction\":[{\"@type\":\"ReadAction\",\"target\":[\"https:\/\/www.tusetstudio.com\/shop\/profoto-pro-b3750w\/\"]}]},{\"@type\":\"ImageObject\",\"inLanguage\":\"es\",\"@id\":\"https:\/\/www.tusetstudio.com\/shop\/profoto-pro-b3750w\/#primaryimage\",\"url\":\"https:\/\/www.tusetstudio.com\/shop\/wp-content\/uploads\/2025\/11\/901096-901099_a_profoto-pro-d3-right_productimage.png\",\"contentUrl\":\"https:\/\/www.tusetstudio.com\/shop\/wp-content\/uploads\/2025\/11\/901096-901099_a_profoto-pro-d3-right_productimage.png\",\"width\":600,\"height\":600},{\"@type\":\"BreadcrumbList\",\"@id\":\"https:\/\/www.tusetstudio.com\/shop\/profoto-pro-b3750w\/#breadcrumb\",\"itemListElement\":[{\"@type\":\"ListItem\",\"position\":1,\"name\":\"Shop\",\"item\":\"https:\/\/www.tusetstudio.com\/shop\/\"},{\"@type\":\"ListItem\",\"position\":2,\"name\":\"Light\",\"item\":\"https:\/\/www.tusetstudio.com\/shop\/light\/\"},{\"@type\":\"ListItem\",\"position\":3,\"name\":\"PROFOTO PRO-B3 750W\"}]},{\"@type\":\"WebSite\",\"@id\":\"https:\/\/www.tusetstudio.com\/shop\/#website\",\"url\":\"https:\/\/www.tusetstudio.com\/shop\/\",\"name\":\"Tuset Studio\",\"description\":\"- Shop\",\"publisher\":{\"@id\":\"https:\/\/www.tusetstudio.com\/shop\/#organization\"},\"potentialAction\":[{\"@type\":\"SearchAction\",\"target\":{\"@type\":\"EntryPoint\",\"urlTemplate\":\"https:\/\/www.tusetstudio.com\/shop\/?s={search_term_string}\"},\"query-input\":{\"@type\":\"PropertyValueSpecification\",\"valueRequired\":true,\"valueName\":\"search_term_string\"}}],\"inLanguage\":\"es\"},{\"@type\":\"Organization\",\"@id\":\"https:\/\/www.tusetstudio.com\/shop\/#organization\",\"name\":\"Tuset Studio\",\"url\":\"https:\/\/www.tusetstudio.com\/shop\/\",\"logo\":{\"@type\":\"ImageObject\",\"inLanguage\":\"es\",\"@id\":\"https:\/\/www.tusetstudio.com\/shop\/#\/schema\/logo\/image\/\",\"url\":\"https:\/\/www.tusetstudio.com\/shop\/wp-content\/uploads\/2025\/02\/logo_header.svg\",\"contentUrl\":\"https:\/\/www.tusetstudio.com\/shop\/wp-content\/uploads\/2025\/02\/logo_header.svg\",\"width\":89,\"height\":125,\"caption\":\"Tuset Studio\"},\"image\":{\"@id\":\"https:\/\/www.tusetstudio.com\/shop\/#\/schema\/logo\/image\/\"},\"sameAs\":[\"https:\/\/www.facebook.com\/tusetstudio\/\",\"https:\/\/www.instagram.com\/tuset_studios\/\",\"https:\/\/www.youtube.com\/channel\/UCNJtEEv3CAvJa5eL2FQj_uQ\",\"https:\/\/www.linkedin.com\/company\/tusetstudio\/\"]}]}<\/script>\n<!-- \/ Yoast SEO plugin. -->","yoast_head_json":{"title":"PROFOTO PRO-B3 750W | Tuset Studio","description":"Alquila Profoto Pro-B3 750W en Barcelona. Flash profesional port\u00e1til con bater\u00eda integrada para fotograf\u00eda y publicidad. Tuset Studio","robots":{"index":"index","follow":"follow","max-snippet":"max-snippet:-1","max-image-preview":"max-image-preview:large","max-video-preview":"max-video-preview:-1"},"canonical":"https:\/\/www.tusetstudio.com\/shop\/profoto-pro-b3750w\/","og_locale":"es_ES","og_type":"article","og_title":"PROFOTO PRO-B3 750W | Tuset Studio","og_description":"Alquila Profoto Pro-B3 750W en Barcelona. Flash profesional port\u00e1til con bater\u00eda integrada para fotograf\u00eda y publicidad. Tuset Studio","og_url":"https:\/\/www.tusetstudio.com\/shop\/profoto-pro-b3750w\/","og_site_name":"Tuset Studio","article_publisher":"https:\/\/www.facebook.com\/tusetstudio\/","article_modified_time":"2025-11-25T17:11:41+00:00","og_image":[{"width":600,"height":600,"url":"https:\/\/www.tusetstudio.com\/shop\/wp-content\/uploads\/2025\/11\/901096-901099_a_profoto-pro-d3-right_productimage.png","type":"image\/png"}],"twitter_card":"summary_large_image","twitter_misc":{"Tiempo de lectura":"1 minuto"},"schema":{"@context":"https:\/\/schema.org","@graph":[{"@type":"WebPage","@id":"https:\/\/www.tusetstudio.com\/shop\/profoto-pro-b3750w\/","url":"https:\/\/www.tusetstudio.com\/shop\/profoto-pro-b3750w\/","name":"PROFOTO PRO-B3 750W | Tuset Studio","isPartOf":{"@id":"https:\/\/www.tusetstudio.com\/shop\/#website"},"primaryImageOfPage":{"@id":"https:\/\/www.tusetstudio.com\/shop\/profoto-pro-b3750w\/#primaryimage"},"image":{"@id":"https:\/\/www.tusetstudio.com\/shop\/profoto-pro-b3750w\/#primaryimage"},"thumbnailUrl":"https:\/\/www.tusetstudio.com\/shop\/wp-content\/uploads\/2025\/11\/901096-901099_a_profoto-pro-d3-right_productimage.png","datePublished":"2025-11-21T17:30:56+00:00","dateModified":"2025-11-25T17:11:41+00:00","description":"Alquila Profoto Pro-B3 750W en Barcelona. Flash profesional port\u00e1til con bater\u00eda integrada para fotograf\u00eda y publicidad. Tuset Studio","breadcrumb":{"@id":"https:\/\/www.tusetstudio.com\/shop\/profoto-pro-b3750w\/#breadcrumb"},"inLanguage":"es","potentialAction":[{"@type":"ReadAction","target":["https:\/\/www.tusetstudio.com\/shop\/profoto-pro-b3750w\/"]}]},{"@type":"ImageObject","inLanguage":"es","@id":"https:\/\/www.tusetstudio.com\/shop\/profoto-pro-b3750w\/#primaryimage","url":"https:\/\/www.tusetstudio.com\/shop\/wp-content\/uploads\/2025\/11\/901096-901099_a_profoto-pro-d3-right_productimage.png","contentUrl":"https:\/\/www.tusetstudio.com\/shop\/wp-content\/uploads\/2025\/11\/901096-901099_a_profoto-pro-d3-right_productimage.png","width":600,"height":600},{"@type":"BreadcrumbList","@id":"https:\/\/www.tusetstudio.com\/shop\/profoto-pro-b3750w\/#breadcrumb","itemListElement":[{"@type":"ListItem","position":1,"name":"Shop","item":"https:\/\/www.tusetstudio.com\/shop\/"},{"@type":"ListItem","position":2,"name":"Light","item":"https:\/\/www.tusetstudio.com\/shop\/light\/"},{"@type":"ListItem","position":3,"name":"PROFOTO PRO-B3 750W"}]},{"@type":"WebSite","@id":"https:\/\/www.tusetstudio.com\/shop\/#website","url":"https:\/\/www.tusetstudio.com\/shop\/","name":"Tuset Studio","description":"- Shop","publisher":{"@id":"https:\/\/www.tusetstudio.com\/shop\/#organization"},"potentialAction":[{"@type":"SearchAction","target":{"@type":"EntryPoint","urlTemplate":"https:\/\/www.tusetstudio.com\/shop\/?s={search_term_string}"},"query-input":{"@type":"PropertyValueSpecification","valueRequired":true,"valueName":"search_term_string"}}],"inLanguage":"es"},{"@type":"Organization","@id":"https:\/\/www.tusetstudio.com\/shop\/#organization","name":"Tuset Studio","url":"https:\/\/www.tusetstudio.com\/shop\/","logo":{"@type":"ImageObject","inLanguage":"es","@id":"https:\/\/www.tusetstudio.com\/shop\/#\/schema\/logo\/image\/","url":"https:\/\/www.tusetstudio.com\/shop\/wp-content\/uploads\/2025\/02\/logo_header.svg","contentUrl":"https:\/\/www.tusetstudio.com\/shop\/wp-content\/uploads\/2025\/02\/logo_header.svg","width":89,"height":125,"caption":"Tuset Studio"},"image":{"@id":"https:\/\/www.tusetstudio.com\/shop\/#\/schema\/logo\/image\/"},"sameAs":["https:\/\/www.facebook.com\/tusetstudio\/","https:\/\/www.instagram.com\/tuset_studios\/","https:\/\/www.youtube.com\/channel\/UCNJtEEv3CAvJa5eL2FQj_uQ","https:\/\/www.linkedin.com\/company\/tusetstudio\/"]}]}},"_links":{"self":[{"href":"https:\/\/www.tusetstudio.com\/shop\/wp-json\/wp\/v2\/product\/3143","targetHints":{"allow":["GET"]}}],"collection":[{"href":"https:\/\/www.tusetstudio.com\/shop\/wp-json\/wp\/v2\/product"}],"about":[{"href":"https:\/\/www.tusetstudio.com\/shop\/wp-json\/wp\/v2\/types\/product"}],"version-history":[{"count":1,"href":"https:\/\/www.tusetstudio.com\/shop\/wp-json\/wp\/v2\/product\/3143\/revisions"}],"predecessor-version":[{"id":3145,"href":"https:\/\/www.tusetstudio.com\/shop\/wp-json\/wp\/v2\/product\/3143\/revisions\/3145"}],"wp:featuredmedia":[{"embeddable":true,"href":"https:\/\/www.tusetstudio.com\/shop\/wp-json\/wp\/v2\/media\/3150"}],"wp:attachment":[{"href":"https:\/\/www.tusetstudio.com\/shop\/wp-json\/wp\/v2\/media?parent=3143"}],"wp:term":[{"taxonomy":"product_brand","embeddable":true,"href":"https:\/\/www.tusetstudio.com\/shop\/wp-json\/wp\/v2\/product_brand?post=3143"},{"taxonomy":"product_cat","embeddable":true,"href":"https:\/\/www.tusetstudio.com\/shop\/wp-json\/wp\/v2\/product_cat?post=3143"},{"taxonomy":"product_tag","embeddable":true,"href":"https:\/\/www.tusetstudio.com\/shop\/wp-json\/wp\/v2\/product_tag?post=3143"},{"taxonomy":"feature_processor","embeddable":true,"href":"https:\/\/www.tusetstudio.com\/shop\/wp-json\/wp\/v2\/feature_processor?post=3143"},{"taxonomy":"feature_dimensions","embeddable":true,"href":"https:\/\/www.tusetstudio.com\/shop\/wp-json\/wp\/v2\/feature_dimensions?post=3143"},{"taxonomy":"feature_paper-size","embeddable":true,"href":"https:\/\/www.tusetstudio.com\/shop\/wp-json\/wp\/v2\/feature_paper-size?post=3143"},{"taxonomy":"feature_output","embeddable":true,"href":"https:\/\/www.tusetstudio.com\/shop\/wp-json\/wp\/v2\/feature_output?post=3143"},{"taxonomy":"feature_input","embeddable":true,"href":"https:\/\/www.tusetstudio.com\/shop\/wp-json\/wp\/v2\/feature_input?post=3143"},{"taxonomy":"feature_volts","embeddable":true,"href":"https:\/\/www.tusetstudio.com\/shop\/wp-json\/wp\/v2\/feature_volts?post=3143"},{"taxonomy":"feature_acdc-sai","embeddable":true,"href":"https:\/\/www.tusetstudio.com\/shop\/wp-json\/wp\/v2\/feature_acdc-sai?post=3143"},{"taxonomy":"feature_ports","embeddable":true,"href":"https:\/\/www.tusetstudio.com\/shop\/wp-json\/wp\/v2\/feature_ports?post=3143"},{"taxonomy":"feature_use","embeddable":true,"href":"https:\/\/www.tusetstudio.com\/shop\/wp-json\/wp\/v2\/feature_use?post=3143"},{"taxonomy":"feature_size","embeddable":true,"href":"https:\/\/www.tusetstudio.com\/shop\/wp-json\/wp\/v2\/feature_size?post=3143"},{"taxonomy":"feature_ram-memory","embeddable":true,"href":"https:\/\/www.tusetstudio.com\/shop\/wp-json\/wp\/v2\/feature_ram-memory?post=3143"},{"taxonomy":"feature_max-payload","embeddable":true,"href":"https:\/\/www.tusetstudio.com\/shop\/wp-json\/wp\/v2\/feature_max-payload?post=3143"},{"taxonomy":"feature_meters","embeddable":true,"href":"https:\/\/www.tusetstudio.com\/shop\/wp-json\/wp\/v2\/feature_meters?post=3143"},{"taxonomy":"feature_connector","embeddable":true,"href":"https:\/\/www.tusetstudio.com\/shop\/wp-json\/wp\/v2\/feature_connector?post=3143"},{"taxonomy":"feature_capacity","embeddable":true,"href":"https:\/\/www.tusetstudio.com\/shop\/wp-json\/wp\/v2\/feature_capacity?post=3143"},{"taxonomy":"feature_support","embeddable":true,"href":"https:\/\/www.tusetstudio.com\/shop\/wp-json\/wp\/v2\/feature_support?post=3143"},{"taxonomy":"feature_focus","embeddable":true,"href":"https:\/\/www.tusetstudio.com\/shop\/wp-json\/wp\/v2\/feature_focus?post=3143"},{"taxonomy":"feature_diameter","embeddable":true,"href":"https:\/\/www.tusetstudio.com\/shop\/wp-json\/wp\/v2\/feature_diameter?post=3143"},{"taxonomy":"feature_focal","embeddable":true,"href":"https:\/\/www.tusetstudio.com\/shop\/wp-json\/wp\/v2\/feature_focal?post=3143"},{"taxonomy":"feature_mount","embeddable":true,"href":"https:\/\/www.tusetstudio.com\/shop\/wp-json\/wp\/v2\/feature_mount?post=3143"},{"taxonomy":"feature_resolution","embeddable":true,"href":"https:\/\/www.tusetstudio.com\/shop\/wp-json\/wp\/v2\/feature_resolution?post=3143"},{"taxonomy":"feature_sensor-size-film","embeddable":true,"href":"https:\/\/www.tusetstudio.com\/shop\/wp-json\/wp\/v2\/feature_sensor-size-film?post=3143"},{"taxonomy":"feature_max-height","embeddable":true,"href":"https:\/\/www.tusetstudio.com\/shop\/wp-json\/wp\/v2\/feature_max-height?post=3143"},{"taxonomy":"feature_load-capacity","embeddable":true,"href":"https:\/\/www.tusetstudio.com\/shop\/wp-json\/wp\/v2\/feature_load-capacity?post=3143"},{"taxonomy":"feature_material","embeddable":true,"href":"https:\/\/www.tusetstudio.com\/shop\/wp-json\/wp\/v2\/feature_material?post=3143"},{"taxonomy":"feature_part","embeddable":true,"href":"https:\/\/www.tusetstudio.com\/shop\/wp-json\/wp\/v2\/feature_part?post=3143"},{"taxonomy":"feature_effect","embeddable":true,"href":"https:\/\/www.tusetstudio.com\/shop\/wp-json\/wp\/v2\/feature_effect?post=3143"},{"taxonomy":"feature_color-temperature","embeddable":true,"href":"https:\/\/www.tusetstudio.com\/shop\/wp-json\/wp\/v2\/feature_color-temperature?post=3143"},{"taxonomy":"feature_lens","embeddable":true,"href":"https:\/\/www.tusetstudio.com\/shop\/wp-json\/wp\/v2\/feature_lens?post=3143"},{"taxonomy":"feature_watts","embeddable":true,"href":"https:\/\/www.tusetstudio.com\/shop\/wp-json\/wp\/v2\/feature_watts?post=3143"},{"taxonomy":"feature_length","embeddable":true,"href":"https:\/\/www.tusetstudio.com\/shop\/wp-json\/wp\/v2\/feature_length?post=3143"},{"taxonomy":"feature_type","embeddable":true,"href":"https:\/\/www.tusetstudio.com\/shop\/wp-json\/wp\/v2\/feature_type?post=3143"}],"curies":[{"name":"wp","href":"https:\/\/api.w.org\/{rel}","templated":true}]}}